{"id":672,"date":"2026-03-12T17:47:07","date_gmt":"2026-03-12T16:47:07","guid":{"rendered":"https:\/\/traildugerbier-prelenfrey.fr\/?page_id=672"},"modified":"2026-03-12T17:50:43","modified_gmt":"2026-03-12T16:50:43","slug":"reglement-2026","status":"publish","type":"page","link":"https:\/\/traildugerbier-prelenfrey.fr\/index.php\/reglement-2026\/","title":{"rendered":"R\u00e9glement 2026"},"content":{"rendered":"\n<p><strong>R\u00c8GLEMENT TRAIL DU GERBIER<\/strong> :<\/p>\n\n\n\n<p><strong>PR\u00c9SENTATION ET D\u00c9TAIL DE L\u2019\u00c9V\u00c9NEMENT<\/strong><\/p>\n\n\n\n<p>Le Trail du Gerbier est un \u00e9v\u00e9nement organis\u00e9 par l\u2019association \u00ab&nbsp;Pr\u00e9lenfrey Animation&nbsp;\u00bb sous l\u2019\u00e9gide de la f\u00e9d\u00e9ration fran\u00e7aise d\u2019Athl\u00e9tisme (FFA) et d\u00e9clar\u00e9 au calendrier des courses hors stade de la Commission D\u00e9partementale Running de l\u2019Is\u00e8re (CDR38). Il se d\u00e9roule en conformit\u00e9 avec la r\u00e9glementation des manifestations running 2025 \u00e9dit\u00e9 par la FFA.<\/p>\n\n\n\n<p>Il se compose de 3 courses \u00e0 pied en montagne et de 2 parcours enfants, ouverts aux licenci\u00e9s et non licenci\u00e9s,&nbsp;qui se d\u00e9rouleront le <strong>dimanche 14&nbsp;juin 2026<\/strong> au d\u00e9part de la Maison du Parc de Pr\u00e9lenfrey, 245 chemin des Faures (38450 Le Gua)&nbsp;:<\/p>\n\n\n\n<p>\u2022 Un trail de <strong>37&nbsp;km et 2&nbsp;000&nbsp;m de D+&nbsp;en solo ou en relai \u00e0 deux<\/strong> (relai 1&nbsp;de&nbsp;19,5&nbsp;km et 1&nbsp;100&nbsp;m de D+&nbsp;; relai 2&nbsp;de&nbsp;17,5&nbsp;km et 900&nbsp;m de D+). Le d\u00e9part aura lieu \u00e0 8h. A partir la cat\u00e9gorie espoir.<\/p>\n\n\n\n<p>\u2022 Un trail de <strong>22&nbsp;km et 1&nbsp;000&nbsp;m de D+<\/strong>. Le d\u00e9part aura lieu \u00e0&nbsp;8h30.A partir de la cat\u00e9gorie espoir.<\/p>\n\n\n\n<p>\u2022 Un trail de <strong>12&nbsp;km et 500&nbsp;m de D+<\/strong>.&nbsp;Le d\u00e9part aura lieu \u00e0&nbsp;9h. A partir de la cat\u00e9gorie junior<\/p>\n\n\n\n<p>\u2022 Un parcours enfants de <strong>1,5&nbsp;km et 63 m de D+<\/strong>.&nbsp;Le d\u00e9part aura lieu \u00e0&nbsp; 10h15. A partir de la cat\u00e9gorie poussin.<\/p>\n\n\n\n<p>\u2022 Une animation sur un circuit de <strong>500&nbsp;m<\/strong> sera organis\u00e9e pour tous les autres enfants sous la surveillance et l\u2019accompagnement des parents. Le d\u00e9part aura lieu \u00e0 10h.<\/p>\n\n\n\n<p>Un <strong>briefing<\/strong> aura lieu \u00e0 la Maison du Parc de Pr\u00e9lenfrey, une demi-heure avant chaque \u00e9preuve. Le briefing des deux parcours enfants se d\u00e9roulera \u00e0 9h45.<\/p>\n\n\n\n<p>Le nombre total de participants aux trois trails est limit\u00e9 \u00e0 350 concurrents.<\/p>\n\n\n\n<p><strong>INSCRIPTION<\/strong><\/p>\n\n\n\n<p>L\u2019inscription et la participation \u00e0 l\u2019une des \u00e9preuves du Trail du Gerbier, impliquent l\u2019acceptation sans r\u00e9serve du r\u00e8glement dans son int\u00e9gralit\u00e9 et de toutes les consignes adress\u00e9es par les organisateurs aux concurrents.<\/p>\n\n\n\n<p>L\u2019inscription <strong>aux trails <\/strong>se fera uniquement sur le site Internet https:\/\/traildugerbier-prelenfrey.fr <em>via<\/em> une plateforme s\u00e9curis\u00e9e. Elle sera ouverte jusqu\u2019\u00e0 la veille du trail, le samedi 13&nbsp;juin \u00e0 12h00.<\/p>\n\n\n\n<p>Les montants des droits d\u2019inscription sont les suivants&nbsp;:<\/p>\n\n\n\n<p>\u2022 Trail de 37&nbsp;km&nbsp;: 27&nbsp;euros en solo, 16 euros par relai<\/p>\n\n\n\n<p>\u2022 Trail de 22&nbsp;km&nbsp;: 17&nbsp;euros<\/p>\n\n\n\n<p>\u2022 Trail de 12&nbsp;km&nbsp;: 9&nbsp;euros<\/p>\n\n\n\n<p>L\u2019inscription aux <strong>deux parcours enfants<\/strong> se fera sur place, le matin de la course jusqu\u2019\u00e0 9h45&nbsp;<\/p>\n\n\n\n<p>\u2022 Parcours enfants de 1&nbsp;500 m&nbsp;: 1&nbsp;\u20ac<\/p>\n\n\n\n<p>\u2022 Animation enfants sur un parcours de 500&nbsp;m&nbsp;: 1&nbsp;\u20ac<\/p>\n\n\n\n<p><strong>Documents \u00e0 fournir&nbsp;:&nbsp;<\/strong><\/p>\n\n\n\n<p><strong>Personnes majeures&nbsp;:&nbsp;<\/strong><\/p>\n\n\n\n<p>Chaque concurrent majeur participant \u00e0 l\u2019une des \u00e9preuves du Trail du Gerbier doit t\u00e9l\u00e9charger, au moment de son inscription, une copie,<\/p>\n\n\n\n<ul class=\"wp-block-list\">\n<li>Soit d\u2019un <strong>titre de participation au Pass Pr\u00e9vention Sant\u00e9,<\/strong> d\u00e9livr\u00e9 par la F\u00e9d\u00e9ration Fran\u00e7aise d\u2019Athl\u00e9tisme, en cours de validit\u00e9 au jour de la course. La communication du seul num\u00e9ro PPS n\u2019est pas accept\u00e9e. Les \u00e9trangers, doivent \u00e9galement \u00e9tablir un PPS pour leur participation.<\/li>\n\n\n\n<li>Soit d\u2019une <strong>licence<\/strong> Athl\u00e9 Comp\u00e9tition, Athl\u00e9 Entreprise, Athl\u00e9 Running, d\u00e9livr\u00e9es par la FFA et en cours de validit\u00e9 au moment de l\u2019\u00e9preuve, les autres licences d\u00e9livr\u00e9es par la FFA (Sant\u00e9 et Encadrement) ne sont pas accept\u00e9es.<\/li>\n<\/ul>\n\n\n\n<p><strong>Personnes mineures&nbsp;:<\/strong><\/p>\n\n\n\n<p>Chaque concurrent mineur participant \u00e0 une \u00e9preuve du Trail du Gerbier doit fournir au moment de son inscription une copie,<\/p>\n\n\n\n<ul class=\"wp-block-list\">\n<li>Soit d\u2019une <strong>licence<\/strong> Athl\u00e9 Comp\u00e9tition, Athl\u00e9 Entreprise, Athl\u00e9 Running, d\u00e9livr\u00e9es par la FFA et en cours de validit\u00e9 au moment de l\u2019\u00e9preuve, les autres licences FFA Sant\u00e9, Encadrement et D\u00e9couverte ne sont pas accpet\u00e9es.<\/li>\n\n\n\n<li>&nbsp;Soit d\u2019une attestation sign\u00e9e par les personnes exer\u00e7ant l\u2019autorit\u00e9 parentale sur le mineur confirmant que sont n\u00e9gatives toutes les r\u00e9ponses aux&nbsp; rubriques du questionnaire relatif \u00e0 son \u00e9tat de sant\u00e9 d\u00e9fini par l\u2019arr\u00eat\u00e9 du 7 mai 2021 du minist\u00e8re de la sant\u00e9 et du minist\u00e8re de la jeunesse et des sports, ou&nbsp;<\/li>\n\n\n\n<li>D\u2019un certificat m\u00e9dical attestant de l&rsquo;absence de contre-indication la pratique de l\u2019athl\u00e9tisme ou du Trail en comp\u00e9tition datant de moins de six mois \u00e0 la date de l\u2019\u00e9preuve.<\/li>\n<\/ul>\n\n\n\n<p><strong>Limites d\u2019\u00e2ge<\/strong><\/p>\n\n\n\n<p>\u2022 Trail de 37&nbsp;km&nbsp;: \u00e0 partir de la cat\u00e9gorie espoir, soit les personnes n\u00e9es avant le 31\/12\/2006<\/p>\n\n\n\n<p>\u2022 Trail de 22&nbsp;km&nbsp;: \u00e0 partir de la cat\u00e9gorie espoir, soit les personnes n\u00e9es avant le 31\/12\/2006<\/p>\n\n\n\n<p>\u2022 Trail de 12&nbsp;km&nbsp;: \u00e0 partir de la cat\u00e9gorie junior, soit les personnes n\u00e9es avant le 31\/12\/2008<\/p>\n\n\n\n<p>\u2022 Parcours enfants 1,5&nbsp;km&nbsp;: \u00e0 partir de la cat\u00e9gorie poussin, soit les enfants n\u00e9s avant le 31\/12\/2016.<\/p>\n\n\n\n<p>\u2022 Parcours enfants 500&nbsp;m&nbsp;: ouverts \u00e0 tous, sous la responsabilit\u00e9 des parents<\/p>\n\n\n\n<p><strong>ANNULATION ET CONDITIONS EXCEPTIONNELLES<\/strong><\/p>\n\n\n\n<p><strong>De la part des organisateurs<\/strong><\/p>\n\n\n\n<p>La tenue de la manifestation est assujettie aux autorisations administratives et n\u2019est donc pas garantie. En cas d\u2019annulation de l\u2019\u00e9v\u00e9nement par les organisateurs les concurrents d\u00e9j\u00e0 inscrits seront int\u00e9gralement rembours\u00e9s mais ne pourront pr\u00e9tendre \u00e0 aucune autre indemnit\u00e9.<\/p>\n\n\n\n<p>Par ailleurs, l\u2019\u00e9quipe d\u2019organisation peut \u00eatre amen\u00e9e \u00e0 modifier les parcours ou \u00e0 mettre fin \u00e0 la manifestation \u00e0 tout moment, notamment en raison de conditions climatiques ne permettant plus la s\u00e9curit\u00e9 des concurrents. Ces derniers en seront pr\u00e9venus par tous les moyens possibles. Ils devront alors se conformer strictement aux directives de l\u2019organisation. Le non-respect de ces consignes, entra\u00eenera <em>de facto<\/em>, la fin de la responsabilit\u00e9 de l\u2019organisateur.<\/p>\n\n\n\n<p><strong>De la part des concurrents<\/strong><\/p>\n\n\n\n<p>Le concurrent devant annuler sa course pour raison imp\u00e9rieuse sera rembours\u00e9 des frais d&rsquo;inscription sur pr\u00e9sentation d\u2019un justificatif appropri\u00e9.<\/p>\n\n\n\n<p>Les concurrents courant le <strong>37&nbsp;km en relais<\/strong>, peuvent nous signaler jusqu\u2019au samedi 13&nbsp;juin 12h, le remplacement d\u2019un coureur par mail (<a href=\"mailto:traildugerbier@gmail.com\">traildugerbier@gmail.com<\/a>) en nous fournissant les nom et pr\u00e9nom du coureur remplac\u00e9 et nom, pr\u00e9nom, date de naissance, adresse et t\u00e9l\u00e9phone du coureur rempla\u00e7ant et son attestation PPS ou sa licence (voir \u00ab&nbsp;Inscription&nbsp;\u00bb, \u00ab&nbsp;Documents \u00e0 fournir&nbsp;\u00bb).&nbsp;<\/p>\n\n\n\n<p><strong>DOSSARDS<\/strong><\/p>\n\n\n\n<p>Les concurrents pourront retirer leur dossard le matin de l\u2019\u00e9preuve, \u00e0 partir de 6h30 \u00e0 la Maison du Parc de Pr\u00e9lenfrey (Le Gua), sur pr\u00e9sentation d\u2019un justificatif d\u2019identit\u00e9 et sous r\u00e9serve que leur dossier d\u2019inscription soit complet.<\/p>\n\n\n\n<p>Une puce amovible \u2013 ou puce \u00ab&nbsp;chaussure&nbsp;\u00bb &#8211; sera remise en m\u00eame temps que le dossard. Cette puce devra \u00eatre attach\u00e9e sur la chaussure avec les lacets ou avec un lien r\u00e9utilisable fourni. Les concurrents dont la puce ne sera pas rep\u00e9r\u00e9e \u00e0 l\u2019arriv\u00e9e ne seront pas class\u00e9s.<\/p>\n\n\n\n<p>Le dossard devra \u00eatre port\u00e9 de mani\u00e8re visible tout au long de l\u2019\u00e9preuve. La puce sera r\u00e9cup\u00e9r\u00e9e \u00e0 la fin de l\u2019\u00e9preuve par les organisateurs.<\/p>\n\n\n\n<p>Toute personne r\u00e9troc\u00e9dant son dossard \u00e0 une tierce personne, ce qui est interdit par ce r\u00e8glement, sera reconnue responsable en cas d\u2019accident survenu ou provoqu\u00e9 par cette derni\u00e8re pendant l\u2019\u00e9preuve. Toute personne disposant d\u2019un dossard acquis en infraction avec le pr\u00e9sent r\u00e8glement sera disqualifi\u00e9e. L\u2019organisation d\u00e9cline toute responsabilit\u00e9 face \u00e0 ce type de situation.<\/p>\n\n\n\n<p><strong>PARCOURS EN SEMI-AUTONOMIE<\/strong><\/p>\n\n\n\n<p>Les \u00e9preuves du Trail du Gerbier sont des courses individuelles en semi-autonomie. Elles se d\u00e9roulent \u00e0 allure libre, dans le d\u00e9lai imparti par les barri\u00e8res horaires. Les concurrents devront ainsi \u00eatre autonomes entre deux points de ravitaillement, aussi bien sur le plan alimentaire que sur celui de l\u2019\u00e9quipement vestimentaire et de la s\u00e9curit\u00e9.<\/p>\n\n\n\n<p><strong>Parcours<\/strong><\/p>\n\n\n\n<p>Il est obligatoire de suivre le balisage de chaque parcours, et non pas la trace GPX \u00e9ventuellement t\u00e9l\u00e9charg\u00e9e en amont de l\u2019\u00e9preuve. \u00c9voluant dans des espaces naturels nous devons parfois apporter des modifications de parcours qui peuvent avoir des r\u00e9percussions sur les distances et les d\u00e9nivel\u00e9s annonc\u00e9s.<\/p>\n\n\n\n<p><strong>S\u00e9curit\u00e9<\/strong><\/p>\n\n\n\n<p>Les \u00e9preuves empruntent des sentiers, qui peuvent \u00eatre utilis\u00e9s par d\u2019autres usagers, et quelques br\u00e8ves sections de routes, ouvertes \u00e0 la circulation, o\u00f9 les concurrents devront respecter le code de la route et rester vigilants, malgr\u00e9 la pr\u00e9sence des signaleurs pour assurer la s\u00e9curit\u00e9.<\/p>\n\n\n\n<p><strong>Balisage<\/strong><\/p>\n\n\n\n<p>Les parcours sont balis\u00e9s avec des panneaux en bois rose fluo, des fanions et des marques \u00e0 la bombe de tra\u00e7age \u00e9ph\u00e9m\u00e8re. Des signaleurs sont aussi pr\u00e9sents le long du parcours, aux points cl\u00e9s. Les concurrents qui se seraient \u00e9gar\u00e9s doivent&nbsp; appeler le PC S\u00e9curit\u00e9.<\/p>\n\n\n\n<p><strong>POSTES DE SIGNALEURS<\/strong><\/p>\n\n\n\n<p>Plusieurs postes de signaleurs sont pr\u00e9vus tout au long du parcours et indiqu\u00e9s sur la carte de pr\u00e9sentation des parcours. Les coureurs doivent respecter les consignes donn\u00e9es par les signaleurs et les informer en cas d&rsquo;incident, d&rsquo;accident ou d&rsquo;abandon.<\/p>\n\n\n\n<p><strong>RAVITAILLEMENT<\/strong><\/p>\n\n\n\n<p>Outre le poste de ravitaillement (eau et&nbsp;nourriture) install\u00e9 \u00e0 l\u2019arriv\u00e9e de l\u2019ensemble des \u00e9preuves \u00e0 la Maison du Parc de Pr\u00e9lenfrey, d\u2019autres postes seront pr\u00e9sents sur les trois trails. La distribution des boissons se fera sans gobelet jetable, chaque coureur devant avoir son propre gobelet ou une gourde.<\/p>\n\n\n\n<p>\u2022 <strong>Trail de 37&nbsp;km<\/strong><\/p>\n\n\n\n<p>\u2013 eau +&nbsp;nourriture&nbsp;: parking du col de l\u2019Arzelier (km 5, km 19,5), piste foresti\u00e8re de l\u2019\u00c9trepas (km 31)<\/p>\n\n\n\n<p>\u2013 eau&nbsp;: lieu-dit Ch\u00eanevarie (km 15), baraque des Clos (km 26).<\/p>\n\n\n\n<p>\u2022 <strong>Trail de 22&nbsp;km<\/strong><\/p>\n\n\n\n<p>\u2013 eau +&nbsp;nourriture&nbsp;: parking du col de l\u2019Arzelier (km 5), piste foresti\u00e8re de l\u2019\u00c9trepas (km 16)<\/p>\n\n\n\n<p>\u2013 eau&nbsp;: baraque des Clos (km 11).<\/p>\n\n\n\n<p>\u2022 <strong>Trail de 12&nbsp;km<\/strong><\/p>\n\n\n\n<p>\u2013 eau +&nbsp;nourriture&nbsp;: piste foresti\u00e8re de l\u2019\u00c9trepas (km 6)<\/p>\n\n\n\n<p><strong>\u2022 Parcours enfants<\/strong>&nbsp;: un ravitaillement \u00e0 l\u2019arriv\u00e9e.<\/p>\n\n\n\n<p><strong>CHRONOM\u00c9TRAGE<\/strong><\/p>\n\n\n\n<p>\u00c0 l\u2019exception des parcours enfants, tous les concurrents se verront remettre une puce \u00e9lectronique qui est utilis\u00e9e pour la mesure du temps de parcours et qui devra \u00eatre attach\u00e9e sur la chaussure avec les lacets ou \u00e9ventuellement avec un lien r\u00e9utilisable fourni. Tout concurrent dont la puce n\u2019aura pas \u00e9t\u00e9 rep\u00e9r\u00e9e \u00e0 l\u2019arriv\u00e9e ne sera pas class\u00e9.<\/p>\n\n\n\n<p><strong>BARRI\u00c8RES HORAIRES<\/strong><\/p>\n\n\n\n<p>Deux barri\u00e8res horaires s\u2019appliquent aux trails de 37 km et 22 km :<\/p>\n\n\n\n<p>\u2013 \u00e0 12h45 au lieu-dit \u00ab&nbsp;Les Halles&nbsp;\u00bb, situ\u00e9 au&nbsp; kilom\u00e8tre 23 du trail 37 km et au kilom\u00e8tre 8 du trail 22 km.<\/p>\n\n\n\n<p>\u2013 \u00e0 15h30 \u00e0 la plate-forme de d\u00e9part du sentier du Col Vert en bout de la route foresti\u00e8re, situ\u00e9e au&nbsp; kilom\u00e8tre 30 du trail 37 km et au kilom\u00e8tre 15 du trail 22 km.<\/p>\n\n\n\n<p>Tout coureur dans l&rsquo;incapacit\u00e9 de rallier le point de contr\u00f4le avant la barri\u00e8re horaire pourra \u00eatre stopp\u00e9 et mis hors course.<\/p>\n\n\n\n<p><strong>ABANDON<\/strong><\/p>\n\n\n\n<p>En cas d\u2019abandon, le coureur pr\u00e9vient le signaleur le plus proche et lui remet son dossard et sa puce. L\u2019organisation n\u2019est pas tenue de r\u00e9cup\u00e9rer les coureurs qui abandonnent en cours de parcours.<\/p>\n\n\n\n<p><strong>SECOURS ET S\u00c9CURIT\u00c9<\/strong><\/p>\n\n\n\n<p>Un <strong>m\u00e9decin&nbsp;<\/strong> sera pr\u00e9sent sur la ligne de d\u00e9part\/arriv\u00e9e.<\/p>\n\n\n\n<p>Une <strong>\u00e9quipe de secouristes<\/strong> agr\u00e9\u00e9s sera pr\u00e9sente sur l\u2019\u00e9preuve.<\/p>\n\n\n\n<p>Les <strong>concurrents<\/strong> sont les premiers maillons de la s\u00e9curit\u00e9. Ils doivent signaler \u00e0 l\u2019organisateur leur abandon, s\u2019ils se perdent ou s\u2019ils se rendent compte qu\u2019un autre concurrent se perd et donner le plus rapidement possible l\u2019alerte s\u2019ils sont en difficult\u00e9 ou sont t\u00e9moins d\u2019un accident. Chaque participant s\u2019engage \u00e0 porter assistance \u00e0 tout coureur en difficult\u00e9 et \u00e0 pr\u00e9venir les secours. Ce temps d\u2019assistance sera d\u00e9compt\u00e9.<\/p>\n\n\n\n<p>\u2013 En cas de <strong>difficult\u00e9<\/strong>, pour vous ou un autre coureur&nbsp;:<\/p>\n\n\n\n<p>Appelez le PC course dont le num\u00e9ro, \u00e0 enregistrer dans votre t\u00e9l\u00e9phone, vous sera donn\u00e9 dans la semaine pr\u00e9c\u00e9dant la course ou le matin de la course.<\/p>\n\n\n\n<p>\u2013 En cas de <strong>d\u00e9tresse grave ou vitale<\/strong>, pour vous ou un autre coureur&nbsp;:<\/p>\n\n\n\n<p>Composez le 112. Signaler que vous participez au Trail du Gerbier \u00e0 Pr\u00e9lenfrey, le lieu o\u00f9 vous vous trouvez et\/ou le kilom\u00e9trage, le n\u00b0 de dossard du coureur en difficult\u00e9. N\u2019oubliez pas de pr\u00e9venir aussi le PC course par la suite.<\/p>\n\n\n\n<p>Un concurrent faisant appel \u00e0 un secouriste se soumet de fait \u00e0 son autorit\u00e9 et s\u2019engage \u00e0 accepter ses d\u00e9cisions, notamment son \u00e9ventuelle mise hors course.<\/p>\n\n\n\n<p>Les concurrents donnent l\u2019autorisation aux organisateurs de prendre toutes les mesures qui s\u2019av\u00e9reront n\u00e9cessaires en cas d\u2019incident ou d\u2019accident.<\/p>\n\n\n\n<p><strong>\u00c9QUIPEMENT<\/strong><\/p>\n\n\n\n<p>Il est obligatoire d\u2019emporter pendant toute la dur\u00e9e des trois trails:<\/p>\n\n\n\n<p>\u2013 une couverture de survie<\/p>\n\n\n\n<p>\u2013 un sifflet<\/p>\n\n\n\n<p>\u2013 une r\u00e9serve d\u2019eau de 1&nbsp;l (0,5&nbsp;l pour le 12&nbsp;km)<\/p>\n\n\n\n<p>\u2013 une r\u00e9serve alimentaire<\/p>\n\n\n\n<p>\u2013 un gobelet personnel<\/p>\n\n\n\n<p>\u2013 une casquette ou un Buff\u00ae<\/p>\n\n\n\n<p>\u2013 un t\u00e9l\u00e9phone portable allum\u00e9.<\/p>\n\n\n\n<p>\u2013 un coupe-vent.<\/p>\n\n\n\n<p>En fonction de la m\u00e9t\u00e9o, une veste imperm\u00e9able, une couche chaude et un cuissard long peuvent \u00eatre exig\u00e9s par les organisateurs. Chaque concurrent doit cependant compl\u00e9ter cet \u00e9quipement en fonction de la m\u00e9t\u00e9o et de sa s\u00e9curit\u00e9.<\/p>\n\n\n\n<p>L\u2019usage des b\u00e2tons est autoris\u00e9. Ils ne peuvent \u00eatre r\u00e9cup\u00e9r\u00e9s ni abandonn\u00e9s en cours de course.<\/p>\n\n\n\n<p><strong>ASSURANCE<\/strong><\/p>\n\n\n\n<p><strong>Responsabilit\u00e9 civile<\/strong><\/p>\n\n\n\n<p>Un contrat d\u2019assurance couvre la responsabilit\u00e9 civile des organisateurs et des concurrents, de la ligne de d\u00e9part \u00e0 la ligne d\u2019arriv\u00e9e, pour les dommages mat\u00e9riels ou corporels caus\u00e9s accidentellement. La police d\u2019assurance n\u00b0 4842781A est souscrite aupr\u00e8s de la MAIF.<\/p>\n\n\n\n<p><strong>Individuelle accident<\/strong><\/p>\n\n\n\n<p>Il appartient cependant aux participants de v\u00e9rifier aupr\u00e8s de leur f\u00e9d\u00e9ration ou de leur assurance qu\u2019ils sont bien couverts pour les dommages corporels qu\u2019ils encourent lors de leur participation \u00e0 l\u2019une des \u00e9preuves du Trail du Gerbier.<\/p>\n\n\n\n<p><strong>CLASSEMENT<\/strong><\/p>\n\n\n\n<p>Les trois trails donnent lieu \u00e0 un classement g\u00e9n\u00e9ral, masculin et f\u00e9minin, et un classement par cat\u00e9gorie, masculin et f\u00e9minin, qui sera affich\u00e9 au fur et \u00e0 mesure des arriv\u00e9es.<\/p>\n\n\n\n<p><strong>Cat\u00e9gories d\u00e9finies par la f\u00e9d\u00e9ration fran\u00e7aise d\u2019Athl\u00e9tisme.<\/strong><\/p>\n\n\n\n<p>Ann\u00e9es de naissance pour l\u2019ann\u00e9e 2026&nbsp;:<\/p>\n\n\n\n<p>&#8211; Poussins&nbsp;: 2015 \u00e0 2016<\/p>\n\n\n\n<p>&#8211; Cadets&nbsp;: 2009 et 2010 &#8211; Juniors&nbsp;: 2007 et 2008<\/p>\n\n\n\n<p>&#8211; Espoirs&nbsp;: de 2004 \u00e0 2006 &#8211; Seniors&nbsp;: de 1992 \u00e0 2003<\/p>\n\n\n\n<p>&#8211; M0 : de 1987 \u00e0 1991 &#8211; M1 et M2&nbsp;: de 1977 \u00e0 1986<\/p>\n\n\n\n<p>&#8211; M3 et M4&nbsp;: de 1967 \u00e0 1976 &#8211; M5 et M6&nbsp;: de 1957 \u00e0 1966<\/p>\n\n\n\n<p>&#8211; M7 et M8&nbsp;: 1947 \u00e0 1956. &#8211; M9 et M10&nbsp;: 1946 et avant<\/p>\n\n\n\n<p><strong>R\u00c9COMPENSES<\/strong><\/p>\n\n\n\n<p>Seront r\u00e9compens\u00e9s les trois premiers hommes et les trois premi\u00e8res femmes du classement g\u00e9n\u00e9ral de chacun des trois trails en solo.<\/p>\n\n\n\n<p>Sera r\u00e9compens\u00e9e la premi\u00e8re \u00e9quipe du 37&nbsp;km en relais.<\/p>\n\n\n\n<p>Les remises des prix se feront \u00e0 11h pour le 12 km, \u00e0 12h pour le 22 km et \u00e0 14h15 pour le 37 km et le relai.<\/p>\n\n\n\n<p><strong>DOPAGE<\/strong><\/p>\n\n\n\n<p>L\u2019utilisation de substances ou de proc\u00e9d\u00e9s dopants est interdite.<\/p>\n\n\n\n<p><strong>ENVIRONNEMENT<\/strong><\/p>\n\n\n\n<p>Le Trail du Gerbier se d\u00e9roule dans le Parc Naturel R\u00e9gional du Vercors. Nous demandons aux concurrents de s\u2019engager \u00e0 respecter l\u2019environnement travers\u00e9 et, notamment, \u00e0 ne pas jeter de d\u00e9chets sur le parcours.<\/p>\n\n\n\n<p><strong>DROIT \u00c0 L\u2019IMAGE<\/strong><\/p>\n\n\n\n<p>Les concurrents donnent l\u2019autorisation aux organisateurs de les prendre en photo et en vid\u00e9o lors de la journ\u00e9e et d\u2019utiliser ces supports pour les documents de communication de la course.<\/p>\n\n\n\n<p><strong>CNIL<\/strong><\/p>\n\n\n\n<p>Les donn\u00e9es personnelles des concurrents seront exploit\u00e9es uniquement \u00e0 l\u2019usage de l\u2019\u00e9v\u00e9nement Trail du Gerbier&nbsp;: inscription, secours, classement. Conform\u00e9ment \u00e0 la&nbsp;loi \u00ab informatique et libert\u00e9s \u00bb, les concurrents peuvent exercer leur droit d\u2019acc\u00e8s aux donn\u00e9es les concernant et les faire rectifier ou supprimer en contactant l\u2019organisation par mail \u00e0 l\u2019adresse traildugerbier@gmail.com<\/p>\n\n\n\n<p><strong>CONSIGNES SANITAIRES<\/strong><\/p>\n\n\n\n<p>Les concurrents s\u2019engagent \u00e0 respecter les consignes sanitaires qui seront en vigueur \u00e0 la date du Trail du Gerbier. Ces consignes seront affich\u00e9es sur place et diffus\u00e9es sur le site internet <a href=\"https:\/\/traildugerbier-prelenfrey.fr\">https:\/\/traildugerbier-prelenfrey.fr<\/a>.&nbsp;<\/p>\n","protected":false},"excerpt":{"rendered":"<p>R\u00c8GLEMENT TRAIL DU GERBIER : PR\u00c9SENTATION ET D\u00c9TAIL DE L\u2019\u00c9V\u00c9NEMENT Le Trail du Gerbier est un \u00e9v\u00e9nement organis\u00e9 par l\u2019association \u00ab&nbsp;Pr\u00e9lenfrey Animation&nbsp;\u00bb sous l\u2019\u00e9gide de la f\u00e9d\u00e9ration fran\u00e7aise d\u2019Athl\u00e9tisme (FFA) et d\u00e9clar\u00e9 au calendrier des courses hors stade de la Commission D\u00e9partementale Running de l\u2019Is\u00e8re (CDR38). Il se d\u00e9roule en conformit\u00e9 avec la r\u00e9glementation des&#8230;<\/p>\n","protected":false},"author":1,"featured_media":0,"parent":0,"menu_order":0,"comment_status":"closed","ping_status":"closed","template":"","meta":{"footnotes":""},"class_list":["post-672","page","type-page","status-publish","hentry"],"_links":{"self":[{"href":"https:\/\/traildugerbier-prelenfrey.fr\/index.php\/wp-json\/wp\/v2\/pages\/672","targetHints":{"allow":["GET"]}}],"collection":[{"href":"https:\/\/traildugerbier-prelenfrey.fr\/index.php\/wp-json\/wp\/v2\/pages"}],"about":[{"href":"https:\/\/traildugerbier-prelenfrey.fr\/index.php\/wp-json\/wp\/v2\/types\/page"}],"author":[{"embeddable":true,"href":"https:\/\/traildugerbier-prelenfrey.fr\/index.php\/wp-json\/wp\/v2\/users\/1"}],"replies":[{"embeddable":true,"href":"https:\/\/traildugerbier-prelenfrey.fr\/index.php\/wp-json\/wp\/v2\/comments?post=672"}],"version-history":[{"count":2,"href":"https:\/\/traildugerbier-prelenfrey.fr\/index.php\/wp-json\/wp\/v2\/pages\/672\/revisions"}],"predecessor-version":[{"id":678,"href":"https:\/\/traildugerbier-prelenfrey.fr\/index.php\/wp-json\/wp\/v2\/pages\/672\/revisions\/678"}],"wp:attachment":[{"href":"https:\/\/traildugerbier-prelenfrey.fr\/index.php\/wp-json\/wp\/v2\/media?parent=672"}],"curies":[{"name":"wp","href":"https:\/\/api.w.org\/{rel}","templated":true}]}}